{"id":25472,"date":"2020-12-03T21:14:28","date_gmt":"2020-12-03T20:14:28","guid":{"rendered":"https:\/\/thegreekfilmfestivalinberlin.com\/jury-2021\/"},"modified":"2021-03-21T10:59:50","modified_gmt":"2021-03-21T09:59:50","slug":"jury-2021","status":"publish","type":"page","link":"https:\/\/thegreekfilmfestivalinberlin.com\/de\/jury-2021\/","title":{"rendered":"Jury 2021"},"content":{"rendered":"<p>[vc_row full_height=&#8220;yes&#8220; css=&#8220;.vc_custom_1607026731154{margin-top: 0px !important;}&#8220;][vc_column width=&#8220;1\/3&#8243; css=&#8220;.vc_custom_1607336195132{padding-right: 8px !important;padding-left: 8px !important;}&#8220; offset=&#8220;vc_col-lg-offset-0 vc_col-lg-3 vc_col-md-offset-0 vc_col-md-6 vc_col-sm-offset-0&#8243; el_class=&#8220;krebitz&#8220;]<div class=\"edgtf-team-holder edgtf-team-info-on-image\">\n\t<div class=\"edgtf-team-inner\">\n\t\t\t\t\t<div class=\"edgtf-team-image\">\n                <img loading=\"lazy\" decoding=\"async\" width=\"1446\" height=\"1936\" src=\"https:\/\/thegreekfilmfestivalinberlin.com\/wp-content\/uploads\/2021\/03\/VENIA-VERGOU_FINAL.jpg\" class=\"attachment-full size-full\" alt=\"\" srcset=\"https:\/\/thegreekfilmfestivalinberlin.com\/wp-content\/uploads\/2021\/03\/VENIA-VERGOU_FINAL.jpg 1446w, https:\/\/thegreekfilmfestivalinberlin.com\/wp-content\/uploads\/2021\/03\/VENIA-VERGOU_FINAL-224x300.jpg 224w, https:\/\/thegreekfilmfestivalinberlin.com\/wp-content\/uploads\/2021\/03\/VENIA-VERGOU_FINAL-769x1030.jpg 769w, https:\/\/thegreekfilmfestivalinberlin.com\/wp-content\/uploads\/2021\/03\/VENIA-VERGOU_FINAL-768x1028.jpg 768w, https:\/\/thegreekfilmfestivalinberlin.com\/wp-content\/uploads\/2021\/03\/VENIA-VERGOU_FINAL-1147x1536.jpg 1147w\" sizes=\"auto, (max-width: 1446px) 100vw, 1446px\" \/>\t\t\t\t<div class=\"edgtf-team-social-wrapper\">\n\t\t\t\t\t<div class=\"edgtf-team-social-outer\">\n\t\t\t\t\t\t<div class=\"edgtf-team-social-inner\">\n                            \t\t\t\t\t\t\t\t\t\t\t\t\t\t\t<h5 class=\"edgtf-team-name\" >Venia Vergou<\/h5>\n\t\t\t\t\t\t\t\t\t\t\t\t\t\t                            \t\t\t\t\t\t\t                            \t\t\t\t\t\t<\/div>\n\t\t\t\t\t<\/div>\n\t\t\t\t<\/div>\n\t\t\t<\/div>\n\n\t\t\t<\/div>\n<\/div>[vc_empty_space height=&#8220;85px&#8220;][\/vc_column][vc_column width=&#8220;1\/3&#8243; css=&#8220;.vc_custom_1607336206544{padding-right: 8px !important;padding-left: 8px !important;}&#8220; offset=&#8220;vc_col-lg-offset-0 vc_col-lg-3 vc_col-md-offset-0 vc_col-md-6 vc_col-sm-offset-0&#8243; el_id=&#8220;isona&#8220;]<div class=\"edgtf-team-holder edgtf-team-info-on-image\">\n\t<div class=\"edgtf-team-inner\">\n\t\t\t\t\t<div class=\"edgtf-team-image\">\n                <img loading=\"lazy\" decoding=\"async\" width=\"799\" height=\"533\" src=\"https:\/\/thegreekfilmfestivalinberlin.com\/wp-content\/uploads\/2020\/12\/Isona_Admetlla-scaled-e1607113120675.jpeg\" class=\"attachment-full size-full\" alt=\"\" \/>\t\t\t\t<div class=\"edgtf-team-social-wrapper\">\n\t\t\t\t\t<div class=\"edgtf-team-social-outer\">\n\t\t\t\t\t\t<div class=\"edgtf-team-social-inner\">\n                            \t\t\t\t\t\t\t\t\t\t\t\t\t\t\t<h5 class=\"edgtf-team-name\" >Isona Admetlla<\/h5>\n\t\t\t\t\t\t\t\t\t\t\t\t\t\t                            \t\t\t\t\t\t\t                            \t\t\t\t\t\t<\/div>\n\t\t\t\t\t<\/div>\n\t\t\t\t<\/div>\n\t\t\t<\/div>\n\n\t\t\t<\/div>\n<\/div>[vc_empty_space height=&#8220;85px&#8220;][\/vc_column][vc_column width=&#8220;1\/3&#8243; el_id=&#8220;elstermann&#8220;]<div class=\"edgtf-team-holder edgtf-team-info-on-image\">\n\t<div class=\"edgtf-team-inner\">\n\t\t\t\t\t<div class=\"edgtf-team-image\">\n                <img loading=\"lazy\" decoding=\"async\" width=\"1484\" height=\"1856\" src=\"https:\/\/thegreekfilmfestivalinberlin.com\/wp-content\/uploads\/2020\/12\/KnutElstermann-1.jpg\" class=\"attachment-full size-full\" alt=\"\" srcset=\"https:\/\/thegreekfilmfestivalinberlin.com\/wp-content\/uploads\/2020\/12\/KnutElstermann-1.jpg 1484w, https:\/\/thegreekfilmfestivalinberlin.com\/wp-content\/uploads\/2020\/12\/KnutElstermann-1-240x300.jpg 240w, https:\/\/thegreekfilmfestivalinberlin.com\/wp-content\/uploads\/2020\/12\/KnutElstermann-1-824x1030.jpg 824w, https:\/\/thegreekfilmfestivalinberlin.com\/wp-content\/uploads\/2020\/12\/KnutElstermann-1-768x961.jpg 768w, https:\/\/thegreekfilmfestivalinberlin.com\/wp-content\/uploads\/2020\/12\/KnutElstermann-1-1228x1536.jpg 1228w\" sizes=\"auto, (max-width: 1484px) 100vw, 1484px\" \/>\t\t\t\t<div class=\"edgtf-team-social-wrapper\">\n\t\t\t\t\t<div class=\"edgtf-team-social-outer\">\n\t\t\t\t\t\t<div class=\"edgtf-team-social-inner\">\n                            \t\t\t\t\t\t\t\t\t\t\t\t\t\t\t<h5 class=\"edgtf-team-name\" >Knut Elstermann<\/h5>\n\t\t\t\t\t\t\t\t\t\t\t\t\t\t                            \t\t\t\t\t\t\t                            \t\t\t\t\t\t<\/div>\n\t\t\t\t\t<\/div>\n\t\t\t\t<\/div>\n\t\t\t<\/div>\n\n\t\t\t<\/div>\n<\/div>[vc_empty_space height=&#8220;85px&#8220;][\/vc_column][\/vc_row][vc_row][vc_column][vc_column_text]<\/p>\n<h4><strong>Venia Vergou<\/strong><\/h4>\n<p><span style=\"color: #333333;\">Venia Vergou lebt in Athen. Sie ist die Direktorin der\u00a0Hellenischen Filmkommission\u00a0des Griechischen Film Centers und Mitglied des Vorstands vom\u00a0Netzwerk der Europ\u00e4ischen Film Commission\u00a0(EUFCN). Sie ist eine erfahrene Filmkritikerin und Reisenredakteurin und arbeitete als Filmprojektkoordinatorin bei der gefeierten Kunstausstellung Documenta 14 sowie als Kommunikations- und Programmleiterin f\u00fcr die griechischen Filme bei dem griechischen Filmarchiv (2013-2015). Au\u00dferdem war sie Koproduzentin bei den Filmen: Wild Duck (2013), Great Eastern (2015) und Amerika Square (2017). Sie studierte Kommunikation und Medien an der Nationalen-\u00a0u. Kapodistrias-Universit\u00e4t Athen und schloss ihr Masterstudium im Bereich Film Studies &amp; European Cinema an der University of\u00a0the\u00a0West of England in Bristol (UK) ab.<span class=\"Apple-converted-space\">\u00a0<\/span><\/span>[\/vc_column_text][\/vc_column][\/vc_row][vc_row][vc_column][vc_column_text]<\/p>\n<h4><strong>Isona Admetlla<\/strong><\/h4>\n<p><span style=\"color: #333333;\">Isona Admetlla wurde in Barcelona geboren und lebt seit 2001 in Berlin. Sie ist Soziologin und hat sich in Kulturmanagement und Film-Publikumsentwicklung spezialisiert. Sie arbeitet als Sprecherin und Beraterin in der Filmindustrie. Sie ist die Zentralkoordinatorin des World Cinema Fund in Berlinale, evaluiert Filmprojekte und nimmt an zahlreichen Film-F\u00f6rderprogrammen teil. Sie kooperiert mit internationalen Filmfestivals, Institutionen und Filmveranstaltungen, die sich mit Workshops und Kursen zu Filmproduktion und Publikumsentwicklung befassen.<\/span><\/p>\n<p>&nbsp;<\/p>\n<h4><\/h4>\n<p>[\/vc_column_text][\/vc_column][\/vc_row][vc_row][vc_column][vc_column_text]<\/p>\n<h4><strong>Knut Elstermann\u00a0<\/strong><\/h4>\n<p class=\"p1\">Knut Elstermann, geboren 1960 in Ostberlin, studierte Journalistik in Leipzig und arbeitete als Redakteur bei verschiedenen DDR-Medien. Seit der Wende ist er freier Moderator und Filmjournalist, vor allem f\u00fcr den MDR und den RBB (radioeins). B\u00fccher sowie zahlreiche Features f\u00fcr Fernsehen und H\u00f6rfunk, unter anderem \u00fcber das Kino in Israel und Russland und die DEFA-Geschichte.<\/p>\n<h4><\/h4>\n<p>[\/vc_column_text][\/vc_column][\/vc_row]<\/p>\n","protected":false},"excerpt":{"rendered":"<p>[vc_row full_height=&#8220;yes&#8220; css=&#8220;.vc_custom_1607026731154{margin-top: 0px !important;}&#8220;][vc_column width=&#8220;1\/3&#8243; css=&#8220;.vc_custom_1607336195132{padding-right: 8px !important;padding-left: 8px !important;}&#8220; offset=&#8220;vc_col-lg-offset-0 vc_col-lg-3 vc_col-md-offset-0 vc_col-md-6 vc_col-sm-offset-0&#8243; el_class=&#8220;krebitz&#8220;][vc_empty_space height=&#8220;85px&#8220;][\/vc_column][vc_column width=&#8220;1\/3&#8243; css=&#8220;.vc_custom_1607336206544{padding-right: 8px !important;padding-left: 8px !important;}&#8220; offset=&#8220;vc_col-lg-offset-0 vc_col-lg-3 vc_col-md-offset-0 vc_col-md-6 vc_col-sm-offset-0&#8243; el_id=&#8220;isona&#8220;][vc_empty_space height=&#8220;85px&#8220;][\/vc_column][vc_column width=&#8220;1\/3&#8243; el_id=&#8220;elstermann&#8220;][vc_empty_space height=&#8220;85px&#8220;][\/vc_column][\/vc_row][vc_row][vc_column][vc_column_text] Venia Vergou Venia Vergou lebt in [&hellip;]<\/p>\n","protected":false},"author":4,"featured_media":0,"parent":0,"menu_order":0,"comment_status":"closed","ping_status":"closed","template":"","meta":{"footnotes":""},"class_list":["post-25472","page","type-page","status-publish","hentry"],"yoast_head":"<!-- This site is optimized with the Yoast SEO plugin v27.3 - https:\/\/yoast.com\/product\/yoast-seo-wordpress\/ -->\n<title>Jury 2021 &#8211; The Greek Film Festival in Berlin<\/title>\n<meta name=\"robots\" content=\"index, follow, max-snippet:-1, max-image-preview:large, max-video-preview:-1\" \/>\n<link rel=\"canonical\" href=\"https:\/\/thegreekfilmfestivalinberlin.com\/de\/jury-2021\/\" \/>\n<meta property=\"og:locale\" content=\"de_DE\" \/>\n<meta property=\"og:type\" content=\"article\" \/>\n<meta property=\"og:title\" content=\"Jury 2021 &#8211; The Greek Film Festival in Berlin\" \/>\n<meta property=\"og:description\" content=\"[vc_row full_height=&#8220;yes&#8220; css=&#8220;.vc_custom_1607026731154{margin-top: 0px !important;}&#8220;][vc_column width=&#8220;1\/3&#8243; css=&#8220;.vc_custom_1607336195132{padding-right: 8px !important;padding-left: 8px !important;}&#8220; offset=&#8220;vc_col-lg-offset-0 vc_col-lg-3 vc_col-md-offset-0 vc_col-md-6 vc_col-sm-offset-0&#8243; el_class=&#8220;krebitz&#8220;][vc_empty_space height=&#8220;85px&#8220;][\/vc_column][vc_column width=&#8220;1\/3&#8243; css=&#8220;.vc_custom_1607336206544{padding-right: 8px !important;padding-left: 8px !important;}&#8220; offset=&#8220;vc_col-lg-offset-0 vc_col-lg-3 vc_col-md-offset-0 vc_col-md-6 vc_col-sm-offset-0&#8243; el_id=&#8220;isona&#8220;][vc_empty_space height=&#8220;85px&#8220;][\/vc_column][vc_column width=&#8220;1\/3&#8243; el_id=&#8220;elstermann&#8220;][vc_empty_space height=&#8220;85px&#8220;][\/vc_column][\/vc_row][vc_row][vc_column][vc_column_text] Venia Vergou Venia Vergou lebt in [&hellip;]\" \/>\n<meta property=\"og:url\" content=\"https:\/\/thegreekfilmfestivalinberlin.com\/de\/jury-2021\/\" \/>\n<meta property=\"og:site_name\" content=\"The Greek Film Festival in Berlin\" \/>\n<meta property=\"article:modified_time\" content=\"2021-03-21T09:59:50+00:00\" \/>\n<meta property=\"og:image\" content=\"https:\/\/thegreekfilmfestivalinberlin.com\/wp-content\/uploads\/2020\/06\/peppermint_film_FINAL_White-03ohne-schrift.png\" \/>\n\t<meta property=\"og:image:width\" content=\"1819\" \/>\n\t<meta property=\"og:image:height\" content=\"1212\" \/>\n\t<meta property=\"og:image:type\" content=\"image\/png\" \/>\n<meta name=\"twitter:card\" content=\"summary_large_image\" \/>\n<meta name=\"twitter:label1\" content=\"Gesch\u00e4tzte Lesezeit\" \/>\n\t<meta name=\"twitter:data1\" content=\"3\u00a0Minuten\" \/>\n<script type=\"application\/ld+json\" class=\"yoast-schema-graph\">{\"@context\":\"https:\\\/\\\/schema.org\",\"@graph\":[{\"@type\":\"WebPage\",\"@id\":\"https:\\\/\\\/thegreekfilmfestivalinberlin.com\\\/de\\\/jury-2021\\\/\",\"url\":\"https:\\\/\\\/thegreekfilmfestivalinberlin.com\\\/de\\\/jury-2021\\\/\",\"name\":\"Jury 2021 &#8211; The Greek Film Festival in Berlin\",\"isPartOf\":{\"@id\":\"https:\\\/\\\/thegreekfilmfestivalinberlin.com\\\/de\\\/#website\"},\"datePublished\":\"2020-12-03T20:14:28+00:00\",\"dateModified\":\"2021-03-21T09:59:50+00:00\",\"breadcrumb\":{\"@id\":\"https:\\\/\\\/thegreekfilmfestivalinberlin.com\\\/de\\\/jury-2021\\\/#breadcrumb\"},\"inLanguage\":\"de\",\"potentialAction\":[{\"@type\":\"ReadAction\",\"target\":[\"https:\\\/\\\/thegreekfilmfestivalinberlin.com\\\/de\\\/jury-2021\\\/\"]}]},{\"@type\":\"BreadcrumbList\",\"@id\":\"https:\\\/\\\/thegreekfilmfestivalinberlin.com\\\/de\\\/jury-2021\\\/#breadcrumb\",\"itemListElement\":[{\"@type\":\"ListItem\",\"position\":1,\"name\":\"Home\",\"item\":\"https:\\\/\\\/thegreekfilmfestivalinberlin.com\\\/de\\\/\"},{\"@type\":\"ListItem\",\"position\":2,\"name\":\"Jury 2021\"}]},{\"@type\":\"WebSite\",\"@id\":\"https:\\\/\\\/thegreekfilmfestivalinberlin.com\\\/de\\\/#website\",\"url\":\"https:\\\/\\\/thegreekfilmfestivalinberlin.com\\\/de\\\/\",\"name\":\"The Greek Film Festival in Berlin\",\"description\":\"\",\"publisher\":{\"@id\":\"https:\\\/\\\/thegreekfilmfestivalinberlin.com\\\/de\\\/#organization\"},\"potentialAction\":[{\"@type\":\"SearchAction\",\"target\":{\"@type\":\"EntryPoint\",\"urlTemplate\":\"https:\\\/\\\/thegreekfilmfestivalinberlin.com\\\/de\\\/?s={search_term_string}\"},\"query-input\":{\"@type\":\"PropertyValueSpecification\",\"valueRequired\":true,\"valueName\":\"search_term_string\"}}],\"inLanguage\":\"de\"},{\"@type\":\"Organization\",\"@id\":\"https:\\\/\\\/thegreekfilmfestivalinberlin.com\\\/de\\\/#organization\",\"name\":\"The Greek Film Festival in Berlin\",\"url\":\"https:\\\/\\\/thegreekfilmfestivalinberlin.com\\\/de\\\/\",\"logo\":{\"@type\":\"ImageObject\",\"inLanguage\":\"de\",\"@id\":\"https:\\\/\\\/thegreekfilmfestivalinberlin.com\\\/de\\\/#\\\/schema\\\/logo\\\/image\\\/\",\"url\":\"https:\\\/\\\/thegreekfilmfestivalinberlin.com\\\/wp-content\\\/uploads\\\/2020\\\/06\\\/peppermint_film_FINAL_White-03ohne-schrift.png\",\"contentUrl\":\"https:\\\/\\\/thegreekfilmfestivalinberlin.com\\\/wp-content\\\/uploads\\\/2020\\\/06\\\/peppermint_film_FINAL_White-03ohne-schrift.png\",\"width\":1819,\"height\":1212,\"caption\":\"The Greek Film Festival in Berlin\"},\"image\":{\"@id\":\"https:\\\/\\\/thegreekfilmfestivalinberlin.com\\\/de\\\/#\\\/schema\\\/logo\\\/image\\\/\"}}]}<\/script>\n<!-- \/ Yoast SEO plugin. -->","yoast_head_json":{"title":"Jury 2021 &#8211; The Greek Film Festival in Berlin","robots":{"index":"index","follow":"follow","max-snippet":"max-snippet:-1","max-image-preview":"max-image-preview:large","max-video-preview":"max-video-preview:-1"},"canonical":"https:\/\/thegreekfilmfestivalinberlin.com\/de\/jury-2021\/","og_locale":"de_DE","og_type":"article","og_title":"Jury 2021 &#8211; The Greek Film Festival in Berlin","og_description":"[vc_row full_height=&#8220;yes&#8220; css=&#8220;.vc_custom_1607026731154{margin-top: 0px !important;}&#8220;][vc_column width=&#8220;1\/3&#8243; css=&#8220;.vc_custom_1607336195132{padding-right: 8px !important;padding-left: 8px !important;}&#8220; offset=&#8220;vc_col-lg-offset-0 vc_col-lg-3 vc_col-md-offset-0 vc_col-md-6 vc_col-sm-offset-0&#8243; el_class=&#8220;krebitz&#8220;][vc_empty_space height=&#8220;85px&#8220;][\/vc_column][vc_column width=&#8220;1\/3&#8243; css=&#8220;.vc_custom_1607336206544{padding-right: 8px !important;padding-left: 8px !important;}&#8220; offset=&#8220;vc_col-lg-offset-0 vc_col-lg-3 vc_col-md-offset-0 vc_col-md-6 vc_col-sm-offset-0&#8243; el_id=&#8220;isona&#8220;][vc_empty_space height=&#8220;85px&#8220;][\/vc_column][vc_column width=&#8220;1\/3&#8243; el_id=&#8220;elstermann&#8220;][vc_empty_space height=&#8220;85px&#8220;][\/vc_column][\/vc_row][vc_row][vc_column][vc_column_text] Venia Vergou Venia Vergou lebt in [&hellip;]","og_url":"https:\/\/thegreekfilmfestivalinberlin.com\/de\/jury-2021\/","og_site_name":"The Greek Film Festival in Berlin","article_modified_time":"2021-03-21T09:59:50+00:00","og_image":[{"width":1819,"height":1212,"url":"https:\/\/thegreekfilmfestivalinberlin.com\/wp-content\/uploads\/2020\/06\/peppermint_film_FINAL_White-03ohne-schrift.png","type":"image\/png"}],"twitter_card":"summary_large_image","twitter_misc":{"Gesch\u00e4tzte Lesezeit":"3\u00a0Minuten"},"schema":{"@context":"https:\/\/schema.org","@graph":[{"@type":"WebPage","@id":"https:\/\/thegreekfilmfestivalinberlin.com\/de\/jury-2021\/","url":"https:\/\/thegreekfilmfestivalinberlin.com\/de\/jury-2021\/","name":"Jury 2021 &#8211; The Greek Film Festival in Berlin","isPartOf":{"@id":"https:\/\/thegreekfilmfestivalinberlin.com\/de\/#website"},"datePublished":"2020-12-03T20:14:28+00:00","dateModified":"2021-03-21T09:59:50+00:00","breadcrumb":{"@id":"https:\/\/thegreekfilmfestivalinberlin.com\/de\/jury-2021\/#breadcrumb"},"inLanguage":"de","potentialAction":[{"@type":"ReadAction","target":["https:\/\/thegreekfilmfestivalinberlin.com\/de\/jury-2021\/"]}]},{"@type":"BreadcrumbList","@id":"https:\/\/thegreekfilmfestivalinberlin.com\/de\/jury-2021\/#breadcrumb","itemListElement":[{"@type":"ListItem","position":1,"name":"Home","item":"https:\/\/thegreekfilmfestivalinberlin.com\/de\/"},{"@type":"ListItem","position":2,"name":"Jury 2021"}]},{"@type":"WebSite","@id":"https:\/\/thegreekfilmfestivalinberlin.com\/de\/#website","url":"https:\/\/thegreekfilmfestivalinberlin.com\/de\/","name":"The Greek Film Festival in Berlin","description":"","publisher":{"@id":"https:\/\/thegreekfilmfestivalinberlin.com\/de\/#organization"},"potentialAction":[{"@type":"SearchAction","target":{"@type":"EntryPoint","urlTemplate":"https:\/\/thegreekfilmfestivalinberlin.com\/de\/?s={search_term_string}"},"query-input":{"@type":"PropertyValueSpecification","valueRequired":true,"valueName":"search_term_string"}}],"inLanguage":"de"},{"@type":"Organization","@id":"https:\/\/thegreekfilmfestivalinberlin.com\/de\/#organization","name":"The Greek Film Festival in Berlin","url":"https:\/\/thegreekfilmfestivalinberlin.com\/de\/","logo":{"@type":"ImageObject","inLanguage":"de","@id":"https:\/\/thegreekfilmfestivalinberlin.com\/de\/#\/schema\/logo\/image\/","url":"https:\/\/thegreekfilmfestivalinberlin.com\/wp-content\/uploads\/2020\/06\/peppermint_film_FINAL_White-03ohne-schrift.png","contentUrl":"https:\/\/thegreekfilmfestivalinberlin.com\/wp-content\/uploads\/2020\/06\/peppermint_film_FINAL_White-03ohne-schrift.png","width":1819,"height":1212,"caption":"The Greek Film Festival in Berlin"},"image":{"@id":"https:\/\/thegreekfilmfestivalinberlin.com\/de\/#\/schema\/logo\/image\/"}}]}},"_links":{"self":[{"href":"https:\/\/thegreekfilmfestivalinberlin.com\/de\/wp-json\/wp\/v2\/pages\/25472","targetHints":{"allow":["GET"]}}],"collection":[{"href":"https:\/\/thegreekfilmfestivalinberlin.com\/de\/wp-json\/wp\/v2\/pages"}],"about":[{"href":"https:\/\/thegreekfilmfestivalinberlin.com\/de\/wp-json\/wp\/v2\/types\/page"}],"author":[{"embeddable":true,"href":"https:\/\/thegreekfilmfestivalinberlin.com\/de\/wp-json\/wp\/v2\/users\/4"}],"replies":[{"embeddable":true,"href":"https:\/\/thegreekfilmfestivalinberlin.com\/de\/wp-json\/wp\/v2\/comments?post=25472"}],"version-history":[{"count":8,"href":"https:\/\/thegreekfilmfestivalinberlin.com\/de\/wp-json\/wp\/v2\/pages\/25472\/revisions"}],"predecessor-version":[{"id":25735,"href":"https:\/\/thegreekfilmfestivalinberlin.com\/de\/wp-json\/wp\/v2\/pages\/25472\/revisions\/25735"}],"wp:attachment":[{"href":"https:\/\/thegreekfilmfestivalinberlin.com\/de\/wp-json\/wp\/v2\/media?parent=25472"}],"curies":[{"name":"wp","href":"https:\/\/api.w.org\/{rel}","templated":true}]}}